{"id":1516,"date":"2024-02-24T11:28:57","date_gmt":"2024-02-24T10:28:57","guid":{"rendered":"https:\/\/wordpress.famberg.de\/index.php\/produkt\/getreidemuehle-country-handmuehle-getreide-und-mais\/"},"modified":"2025-07-21T11:24:05","modified_gmt":"2025-07-21T09:24:05","slug":"getreidemuehle-country-handmuehle-getreide-und-mais","status":"publish","type":"product","link":"https:\/\/wordpress.famberg.de\/index.php\/produkt\/getreidemuehle-country-handmuehle-getreide-und-mais\/","title":{"rendered":"Schnitzer Getreidem\u00fchle Country Handm\u00fchle mit Edelstahltrichter"},"content":{"rendered":"<p><span style=\"font-family: arial; font-size: medium;\"><span style=\"color: #006600;\"><b>Handgetreidem\u00fchle COUNTRY<\/b><\/span> mit hervorragender Mahlleistung<\/span><\/p><p><span style=\"font-family: arial; font-size: medium;\">Zum Schroten und Mahlen von Getreide bestens geeignet.\u00a0<\/span><span style=\"font-family: arial; font-size: medium;\">Mit der Handgetreidem\u00fchle COUNTRY bekommen Sie auch <\/span><b style=\"font-family: arial; font-size: medium;\">ohne Strom ausreichend Mehl<\/b><span style=\"font-family: arial; font-size: medium;\"> f\u00fcr ein frisches Brot. Das liegt an der robusten Bauweise: Die Handm\u00fchle ist massiv aus Buche und Stahl gebaut und mit massiven Mahlsteinen aus handgegossenem Naxos-Basalt ausgestattet.\u00a0<\/span><\/p><p><span style=\"font-family: arial; font-size: medium;\">Der kr\u00e4ftige Standfu\u00df aus Buchenvollholz kann mit zwei Zwingen sicher an jeden\u00a0<\/span><span style=\"font-family: arial; font-size: medium;\">beliebigen Tisch befestigt werden.\u00a0<\/span><span style=\"font-family: arial; font-size: medium;\">Die Kurbel mit ihrem wundersch\u00f6nen Holzgriff ist sehr stabil und gro\u00df, die Kurbell\u00e4nge von 30 cm macht das Mahlen kinderleicht.<\/span><\/p><p><span style=\"font-family: arial; font-size: medium;\">Die Schnitzer COUNTRY Handm\u00fchle ist stufenlos verstellbar; von grobem Schrot f\u00fcr Ihr M\u00fcsli bis zu feinem Mehl f\u00fcr Vollkornbrot und Geb\u00e4ck. Sie k\u00f6nnen alle g\u00e4ngigen Getreidesorten und\u00a0\u00a0 sogar Mais verarbeiten.<\/span><\/p><div><p><b>P<\/b><b style=\"font-family: arial; font-size: medium;\">roduktmerkmale<\/b><\/p><ul><li><span style=\"font-family: arial; font-size: medium;\">Mahlgut: alle Getreidearten, sogar Mais und Kichererbsen<\/span><\/li><li><span style=\"font-family: arial; font-size: medium;\">Mahlleistung (bei ca. 80 Umdrehungen\/Min):\u00a0\u00a0 50 g fein &#8211; 100 g grob<br \/><\/span><\/li><li><span style=\"font-family: arial; font-size: medium;\">Mahlwerk: Mahlsteine aus Naxos-Basalt<br \/><\/span><\/li><li><span style=\"font-family: arial; font-size: medium;\">Verstellbarkeit: stufenlos<\/span><\/li><li><span style=\"font-family: arial; font-size: medium;\">Walzendurchmesser: ca. 110 mm<\/span><\/li><li><span style=\"font-family: arial; font-size: medium;\">Kurbelradius: 280 mm<br \/><\/span><\/li><li><span style=\"font-family: arial; font-size: medium;\">Trichterf\u00fcllmenge: 1000 g<\/span><\/li><li><span style=\"font-family: arial; font-size: medium;\">Tischplattenst\u00e4rke: bis 50 mm<\/span><\/li><li><span style=\"font-family: arial; font-size: medium;\">Unterstellh\u00f6he der Sch\u00fcssel: 105 mm<\/span><\/li><li>Ma\u00dfe: Breite x Tiefe x H\u00f6he in mm: 170 x 360 x 470<\/li><li><span style=\"font-family: arial; font-size: medium;\">Gewicht: 10,5 kg<\/span><\/li><li><span style=\"font-family: arial; font-size: medium;\">mit 2 Zwingen<\/span><\/li><li><span style=\"font-family: arial; font-size: medium;\">Geh\u00e4usematerial: Buche massiv und Stahl, Edelstahltrichter<\/span><\/li><\/ul><p><span style=\"font-family: arial; font-size: medium;\">Hinweis: Ohne Dekoration<\/span><\/p><\/div>","protected":false},"excerpt":{"rendered":"<p>Handgetreidem\u00fchle COUNTRY mit hervorragender MahlleistungZum Schroten und Mahlen von Getreide bestens geeignet.\u00a0Mit der Handgetreidem\u00fchle COUNTRY bekommen Sie auch ohne Strom ausreichend Mehl f\u00fcr ein frisches Brot. Das liegt an der robusten Bauweise: Die Handm\u00fchle ist massiv aus Buche und Stahl gebaut und mit massiven Mahlsteinen aus handgegossenem Naxos-Basalt ausgestattet.\u00a0Der kr\u00e4ftige Standfu\u00df aus Buchenvollholz kann mit [&hellip;]<\/p>\n","protected":false},"featured_media":572,"template":"","meta":[],"product_brand":[],"product_cat":[182],"product_tag":[],"class_list":{"0":"post-1516","1":"product","2":"type-product","3":"status-publish","4":"has-post-thumbnail","6":"product_cat-handmuehlen","7":"product_shipping_class-direkt-schnitzer","8":"pa_farbe-buche-massiv","9":"pa_produkart-getreidemuehle","11":"first","12":"outofstock","13":"taxable","14":"shipping-taxable","15":"purchasable","16":"product-type-simple"},"supplier_id":1491,"supplier_sku":"12950","barcode":null,"atum_controlled":true,"out_stock_date":"2025-07-21 11:24:04","out_stock_threshold":null,"inheritable":false,"inbound_stock":0,"stock_on_hold":0,"sold_today":0,"sales_last_days":1,"reserved_stock":null,"customer_returns":null,"warehouse_damage":null,"lost_in_post":null,"other_logs":null,"out_stock_days":2,"lost_sales":66,"has_location":false,"update_date":"2025-07-23T15:18:20","atum_locations":[],"atum_stock_status":"outofstock","restock_status":false,"low_stock_amount":"","sales_update_date":"2025-07-23T15:18:20","calc_backorders":null,"_links":{"self":[{"href":"https:\/\/wordpress.famberg.de\/index.php\/wp-json\/wp\/v2\/product\/1516","targetHints":{"allow":["GET"]}}],"collection":[{"href":"https:\/\/wordpress.famberg.de\/index.php\/wp-json\/wp\/v2\/product"}],"about":[{"href":"https:\/\/wordpress.famberg.de\/index.php\/wp-json\/wp\/v2\/types\/product"}],"wp:featuredmedia":[{"embeddable":true,"href":"https:\/\/wordpress.famberg.de\/index.php\/wp-json\/wp\/v2\/media\/572"}],"wp:attachment":[{"href":"https:\/\/wordpress.famberg.de\/index.php\/wp-json\/wp\/v2\/media?parent=1516"}],"wp:term":[{"taxonomy":"product_brand","embeddable":true,"href":"https:\/\/wordpress.famberg.de\/index.php\/wp-json\/wp\/v2\/product_brand?post=1516"},{"taxonomy":"product_cat","embeddable":true,"href":"https:\/\/wordpress.famberg.de\/index.php\/wp-json\/wp\/v2\/product_cat?post=1516"},{"taxonomy":"product_tag","embeddable":true,"href":"https:\/\/wordpress.famberg.de\/index.php\/wp-json\/wp\/v2\/product_tag?post=1516"}],"curies":[{"name":"wp","href":"https:\/\/api.w.org\/{rel}","templated":true}]}}